{"version":"1.0","provider_name":"Muzeul Ivan Patzaichin","provider_url":"https:\/\/muzeu.ivanpatzaichin.ro\/en\/","title":"\u00cent\u00e2lnire de informare cu operatorii turistici - Muzeul Ivan Patzaichin","type":"rich","width":600,"height":338,"html":"<blockquote class=\"wp-embedded-content\" data-secret=\"gILyPyM6TS\"><a href=\"https:\/\/muzeu.ivanpatzaichin.ro\/en\/evenimente\/intalnire-de-informare-cu-operatorii-turistici\/\">\u00cent\u00e2lnire de informare cu operatorii turistici<\/a><\/blockquote><iframe sandbox=\"allow-scripts\" security=\"restricted\" src=\"https:\/\/muzeu.ivanpatzaichin.ro\/en\/evenimente\/intalnire-de-informare-cu-operatorii-turistici\/embed\/#?secret=gILyPyM6TS\" width=\"600\" height=\"338\" title=\"&#8220;\u00cent\u00e2lnire de informare cu operatorii turistici&#8221; &#8212; Muzeul Ivan Patzaichin\" data-secret=\"gILyPyM6TS\" frameborder=\"0\" marginwidth=\"0\" marginheight=\"0\" scrolling=\"no\" class=\"wp-embedded-content\"><\/iframe><script>\n\/*! This file is auto-generated *\/\n!function(d,l){\"use strict\";l.querySelector&&d.addEventListener&&\"undefined\"!=typeof URL&&(d.wp=d.wp||{},d.wp.receiveEmbedMessage||(d.wp.receiveEmbedMessage=function(e){var t=e.data;if((t||t.secret||t.message||t.value)&&!\/[^a-zA-Z0-9]\/.test(t.secret)){for(var s,r,n,a=l.querySelectorAll('iframe[data-secret=\"'+t.secret+'\"]'),o=l.querySelectorAll('blockquote[data-secret=\"'+t.secret+'\"]'),c=new RegExp(\"^https?:$\",\"i\"),i=0;i<o.length;i++)o[i].style.display=\"none\";for(i=0;i<a.length;i++)s=a[i],e.source===s.contentWindow&&(s.removeAttribute(\"style\"),\"height\"===t.message?(1e3<(r=parseInt(t.value,10))?r=1e3:~~r<200&&(r=200),s.height=r):\"link\"===t.message&&(r=new URL(s.getAttribute(\"src\")),n=new URL(t.value),c.test(n.protocol))&&n.host===r.host&&l.activeElement===s&&(d.top.location.href=t.value))}},d.addEventListener(\"message\",d.wp.receiveEmbedMessage,!1),l.addEventListener(\"DOMContentLoaded\",function(){for(var e,t,s=l.querySelectorAll(\"iframe.wp-embedded-content\"),r=0;r<s.length;r++)(t=(e=s[r]).getAttribute(\"data-secret\"))||(t=Math.random().toString(36).substring(2,12),e.src+=\"#?secret=\"+t,e.setAttribute(\"data-secret\",t)),e.contentWindow.postMessage({message:\"ready\",secret:t},\"*\")},!1)))}(window,document);\n\/\/# sourceURL=https:\/\/muzeu.ivanpatzaichin.ro\/wp-includes\/js\/wp-embed.min.js\n<\/script>\n","thumbnail_url":"https:\/\/muzeu.ivanpatzaichin.ro\/wp-content\/uploads\/2026\/04\/Muzeul-Ivan-Patzaichin-Centru-de-inovare-comunitara-foto-Mani-Gutau.jpg","thumbnail_width":1280,"thumbnail_height":853,"description":"Asocia\u021bia Ivan Patzaichin \u2013 Mila 23 invit\u0103 partenerii \u0219i colaboratorii locali la o \u00eent\u00e2lnire de informare dedicat\u0103 preg\u0103tirii sezonului 2026 la Muzeul Ivan Patzaichin \u2013 Centrul de Inovare Comunitar\u0103. Discu\u021bia vizeaz\u0103 data redeschiderii sezonului muzeal, schimb\u0103rile care vor avea loc \u00een jurul spa\u021biului muzeal, actualiz\u0103rile privind formatul de rezervare, precum \u0219i calendarul de evenimente planificate [&hellip;]"}