{"id":2749,"date":"2026-04-06T09:36:19","date_gmt":"2026-04-06T07:36:19","guid":{"rendered":"https:\/\/muzeu.ivanpatzaichin.ro\/?post_type=evenimente&#038;p=2749"},"modified":"2026-04-08T12:57:09","modified_gmt":"2026-04-08T10:57:09","slug":"maratonul-international-de-canoe-ivan-patzaichin","status":"publish","type":"evenimente","link":"https:\/\/muzeu.ivanpatzaichin.ro\/en\/evenimente\/maratonul-international-de-canoe-ivan-patzaichin\/","title":{"rendered":"Maratonul Interna\u021bional de Canoe Ivan Patzaichin"},"content":{"rendered":"<p>Maratonul Interna\u021bional de Canoe Ivan Patzaichin aduce numele marelui campion \u00eenapoi acolo unde i se potrive\u0219te cel mai bine: pe ap\u0103, \u00eentr-o competi\u021bie sportiv\u0103 dedicat\u0103 pasiona\u021bilor de caiac, canoe \u0219i SUP.<\/p>\n<p>Evenimentul marcheaz\u0103 deschiderea sezonului turistic \u00een Delta Dun\u0103rii \u0219i se desf\u0103\u0219oar\u0103 pe traseul de ecoturism \u201eDelta lui Ivan\u201d, \u00eentre Tulcea \u0219i Mila 23, traseu care leag\u0103 Memorialul Ivan Patzaichin de Muzeul Ivan Patzaichin.<\/p>\n<p>Cei 45 km pot fi parcur\u0219i \u00eentr-o singur\u0103 zi (categoria Elite) sau \u00een dou\u0103 zile (categoria Loisir), f\u0103c\u00e2nd competi\u021bia accesibil\u0103 at\u00e2t sportivilor de performan\u021b\u0103, c\u00e2t \u0219i amatorilor pasiona\u021bi de natur\u0103.<\/p>\n<p>Mai mult dec\u00e2t o competi\u021bie, maratonul este un model de turism sustenabil: puncte de \u00eennoptare integrate \u00een natur\u0103, energie autonom\u0103 \u0219i aplica\u021bie digital\u0103 pentru ghidaj \u0219i monitorizare.<\/p>\n","protected":false},"featured_media":2709,"template":"","tip-eveniment":[77,81,79,78,80,76],"class_list":["post-2749","evenimente","type-evenimente","status-publish","has-post-thumbnail","hentry","tip-eveniment-competitie","tip-eveniment-comunitate","tip-eveniment-ecoturism","tip-eveniment-natura","tip-eveniment-outdoor","tip-eveniment-sport"],"yoast_head":"<!-- This site is optimized with the Yoast SEO plugin v27.3 - https:\/\/yoast.com\/product\/yoast-seo-wordpress\/ -->\n<title>Maratonul Interna\u021bional de Canoe Ivan Patzaichin - Muzeul Ivan Patzaichin<\/title>\n<meta name=\"robots\" content=\"index, follow, max-snippet:-1, max-image-preview:large, max-video-preview:-1\" \/>\n<link rel=\"canonical\" href=\"https:\/\/muzeu.ivanpatzaichin.ro\/en\/evenimente\/maratonul-international-de-canoe-ivan-patzaichin\/\" \/>\n<meta property=\"og:locale\" content=\"en_US\" \/>\n<meta property=\"og:type\" content=\"article\" \/>\n<meta property=\"og:title\" content=\"Maratonul Interna\u021bional de Canoe Ivan Patzaichin - Muzeul Ivan Patzaichin\" \/>\n<meta property=\"og:description\" content=\"Maratonul Interna\u021bional de Canoe Ivan Patzaichin aduce numele marelui campion \u00eenapoi acolo unde i se potrive\u0219te cel mai bine: pe ap\u0103, \u00eentr-o competi\u021bie sportiv\u0103 dedicat\u0103 pasiona\u021bilor de caiac, canoe \u0219i SUP. Evenimentul marcheaz\u0103 deschiderea sezonului turistic \u00een Delta Dun\u0103rii \u0219i se desf\u0103\u0219oar\u0103 pe traseul de ecoturism \u201eDelta lui Ivan\u201d, \u00eentre Tulcea \u0219i Mila 23, traseu [&hellip;]\" \/>\n<meta property=\"og:url\" content=\"https:\/\/muzeu.ivanpatzaichin.ro\/en\/evenimente\/maratonul-international-de-canoe-ivan-patzaichin\/\" \/>\n<meta property=\"og:site_name\" content=\"Muzeul Ivan Patzaichin\" \/>\n<meta property=\"article:modified_time\" content=\"2026-04-08T10:57:09+00:00\" \/>\n<meta property=\"og:image\" content=\"https:\/\/muzeu.ivanpatzaichin.ro\/wp-content\/uploads\/2026\/02\/Cover-event_2026_IPCM-1.jpg\" \/>\n\t<meta property=\"og:image:width\" content=\"1400\" \/>\n\t<meta property=\"og:image:height\" content=\"615\" \/>\n\t<meta property=\"og:image:type\" content=\"image\/jpeg\" \/>\n<meta name=\"twitter:card\" content=\"summary_large_image\" \/>\n<meta name=\"twitter:label1\" content=\"Est. reading time\" \/>\n\t<meta name=\"twitter:data1\" content=\"1 minute\" \/>\n<script type=\"application\/ld+json\" class=\"yoast-schema-graph\">{\"@context\":\"https:\\\/\\\/schema.org\",\"@graph\":[{\"@type\":\"WebPage\",\"@id\":\"https:\\\/\\\/muzeu.ivanpatzaichin.ro\\\/en\\\/evenimente\\\/maratonul-international-de-canoe-ivan-patzaichin\\\/\",\"url\":\"https:\\\/\\\/muzeu.ivanpatzaichin.ro\\\/en\\\/evenimente\\\/maratonul-international-de-canoe-ivan-patzaichin\\\/\",\"name\":\"Maratonul Interna\u021bional de Canoe Ivan Patzaichin - Muzeul Ivan Patzaichin\",\"isPartOf\":{\"@id\":\"https:\\\/\\\/muzeu.ivanpatzaichin.ro\\\/en\\\/#website\"},\"primaryImageOfPage\":{\"@id\":\"https:\\\/\\\/muzeu.ivanpatzaichin.ro\\\/en\\\/evenimente\\\/maratonul-international-de-canoe-ivan-patzaichin\\\/#primaryimage\"},\"image\":{\"@id\":\"https:\\\/\\\/muzeu.ivanpatzaichin.ro\\\/en\\\/evenimente\\\/maratonul-international-de-canoe-ivan-patzaichin\\\/#primaryimage\"},\"thumbnailUrl\":\"https:\\\/\\\/muzeu.ivanpatzaichin.ro\\\/wp-content\\\/uploads\\\/2026\\\/02\\\/Cover-event_2026_IPCM-1.jpg\",\"datePublished\":\"2026-04-06T07:36:19+00:00\",\"dateModified\":\"2026-04-08T10:57:09+00:00\",\"breadcrumb\":{\"@id\":\"https:\\\/\\\/muzeu.ivanpatzaichin.ro\\\/en\\\/evenimente\\\/maratonul-international-de-canoe-ivan-patzaichin\\\/#breadcrumb\"},\"inLanguage\":\"en-US\",\"potentialAction\":[{\"@type\":\"ReadAction\",\"target\":[\"https:\\\/\\\/muzeu.ivanpatzaichin.ro\\\/en\\\/evenimente\\\/maratonul-international-de-canoe-ivan-patzaichin\\\/\"]}]},{\"@type\":\"ImageObject\",\"inLanguage\":\"en-US\",\"@id\":\"https:\\\/\\\/muzeu.ivanpatzaichin.ro\\\/en\\\/evenimente\\\/maratonul-international-de-canoe-ivan-patzaichin\\\/#primaryimage\",\"url\":\"https:\\\/\\\/muzeu.ivanpatzaichin.ro\\\/wp-content\\\/uploads\\\/2026\\\/02\\\/Cover-event_2026_IPCM-1.jpg\",\"contentUrl\":\"https:\\\/\\\/muzeu.ivanpatzaichin.ro\\\/wp-content\\\/uploads\\\/2026\\\/02\\\/Cover-event_2026_IPCM-1.jpg\",\"width\":1400,\"height\":615},{\"@type\":\"BreadcrumbList\",\"@id\":\"https:\\\/\\\/muzeu.ivanpatzaichin.ro\\\/en\\\/evenimente\\\/maratonul-international-de-canoe-ivan-patzaichin\\\/#breadcrumb\",\"itemListElement\":[{\"@type\":\"ListItem\",\"position\":1,\"name\":\"Home\",\"item\":\"https:\\\/\\\/muzeu.ivanpatzaichin.ro\\\/en\\\/\"},{\"@type\":\"ListItem\",\"position\":2,\"name\":\"Evenimente\",\"item\":\"https:\\\/\\\/muzeu.ivanpatzaichin.ro\\\/en\\\/evenimente\\\/\"},{\"@type\":\"ListItem\",\"position\":3,\"name\":\"Maratonul Interna\u021bional de Canoe Ivan Patzaichin\"}]},{\"@type\":\"WebSite\",\"@id\":\"https:\\\/\\\/muzeu.ivanpatzaichin.ro\\\/en\\\/#website\",\"url\":\"https:\\\/\\\/muzeu.ivanpatzaichin.ro\\\/en\\\/\",\"name\":\"Muzeul Ivan Patzaichin\",\"description\":\"Muzeul Ivan Patzaichin\",\"potentialAction\":[{\"@type\":\"SearchAction\",\"target\":{\"@type\":\"EntryPoint\",\"urlTemplate\":\"https:\\\/\\\/muzeu.ivanpatzaichin.ro\\\/en\\\/?s={search_term_string}\"},\"query-input\":{\"@type\":\"PropertyValueSpecification\",\"valueRequired\":true,\"valueName\":\"search_term_string\"}}],\"inLanguage\":\"en-US\"}]}<\/script>\n<!-- \/ Yoast SEO plugin. -->","yoast_head_json":{"title":"Maratonul Interna\u021bional de Canoe Ivan Patzaichin - Muzeul Ivan Patzaichin","robots":{"index":"index","follow":"follow","max-snippet":"max-snippet:-1","max-image-preview":"max-image-preview:large","max-video-preview":"max-video-preview:-1"},"canonical":"https:\/\/muzeu.ivanpatzaichin.ro\/en\/evenimente\/maratonul-international-de-canoe-ivan-patzaichin\/","og_locale":"en_US","og_type":"article","og_title":"Maratonul Interna\u021bional de Canoe Ivan Patzaichin - Muzeul Ivan Patzaichin","og_description":"Maratonul Interna\u021bional de Canoe Ivan Patzaichin aduce numele marelui campion \u00eenapoi acolo unde i se potrive\u0219te cel mai bine: pe ap\u0103, \u00eentr-o competi\u021bie sportiv\u0103 dedicat\u0103 pasiona\u021bilor de caiac, canoe \u0219i SUP. Evenimentul marcheaz\u0103 deschiderea sezonului turistic \u00een Delta Dun\u0103rii \u0219i se desf\u0103\u0219oar\u0103 pe traseul de ecoturism \u201eDelta lui Ivan\u201d, \u00eentre Tulcea \u0219i Mila 23, traseu [&hellip;]","og_url":"https:\/\/muzeu.ivanpatzaichin.ro\/en\/evenimente\/maratonul-international-de-canoe-ivan-patzaichin\/","og_site_name":"Muzeul Ivan Patzaichin","article_modified_time":"2026-04-08T10:57:09+00:00","og_image":[{"width":1400,"height":615,"url":"https:\/\/muzeu.ivanpatzaichin.ro\/wp-content\/uploads\/2026\/02\/Cover-event_2026_IPCM-1.jpg","type":"image\/jpeg"}],"twitter_card":"summary_large_image","twitter_misc":{"Est. reading time":"1 minute"},"schema":{"@context":"https:\/\/schema.org","@graph":[{"@type":"WebPage","@id":"https:\/\/muzeu.ivanpatzaichin.ro\/en\/evenimente\/maratonul-international-de-canoe-ivan-patzaichin\/","url":"https:\/\/muzeu.ivanpatzaichin.ro\/en\/evenimente\/maratonul-international-de-canoe-ivan-patzaichin\/","name":"Maratonul Interna\u021bional de Canoe Ivan Patzaichin - Muzeul Ivan Patzaichin","isPartOf":{"@id":"https:\/\/muzeu.ivanpatzaichin.ro\/en\/#website"},"primaryImageOfPage":{"@id":"https:\/\/muzeu.ivanpatzaichin.ro\/en\/evenimente\/maratonul-international-de-canoe-ivan-patzaichin\/#primaryimage"},"image":{"@id":"https:\/\/muzeu.ivanpatzaichin.ro\/en\/evenimente\/maratonul-international-de-canoe-ivan-patzaichin\/#primaryimage"},"thumbnailUrl":"https:\/\/muzeu.ivanpatzaichin.ro\/wp-content\/uploads\/2026\/02\/Cover-event_2026_IPCM-1.jpg","datePublished":"2026-04-06T07:36:19+00:00","dateModified":"2026-04-08T10:57:09+00:00","breadcrumb":{"@id":"https:\/\/muzeu.ivanpatzaichin.ro\/en\/evenimente\/maratonul-international-de-canoe-ivan-patzaichin\/#breadcrumb"},"inLanguage":"en-US","potentialAction":[{"@type":"ReadAction","target":["https:\/\/muzeu.ivanpatzaichin.ro\/en\/evenimente\/maratonul-international-de-canoe-ivan-patzaichin\/"]}]},{"@type":"ImageObject","inLanguage":"en-US","@id":"https:\/\/muzeu.ivanpatzaichin.ro\/en\/evenimente\/maratonul-international-de-canoe-ivan-patzaichin\/#primaryimage","url":"https:\/\/muzeu.ivanpatzaichin.ro\/wp-content\/uploads\/2026\/02\/Cover-event_2026_IPCM-1.jpg","contentUrl":"https:\/\/muzeu.ivanpatzaichin.ro\/wp-content\/uploads\/2026\/02\/Cover-event_2026_IPCM-1.jpg","width":1400,"height":615},{"@type":"BreadcrumbList","@id":"https:\/\/muzeu.ivanpatzaichin.ro\/en\/evenimente\/maratonul-international-de-canoe-ivan-patzaichin\/#breadcrumb","itemListElement":[{"@type":"ListItem","position":1,"name":"Home","item":"https:\/\/muzeu.ivanpatzaichin.ro\/en\/"},{"@type":"ListItem","position":2,"name":"Evenimente","item":"https:\/\/muzeu.ivanpatzaichin.ro\/en\/evenimente\/"},{"@type":"ListItem","position":3,"name":"Maratonul Interna\u021bional de Canoe Ivan Patzaichin"}]},{"@type":"WebSite","@id":"https:\/\/muzeu.ivanpatzaichin.ro\/en\/#website","url":"https:\/\/muzeu.ivanpatzaichin.ro\/en\/","name":"Muzeul Ivan Patzaichin","description":"Muzeul Ivan Patzaichin","potentialAction":[{"@type":"SearchAction","target":{"@type":"EntryPoint","urlTemplate":"https:\/\/muzeu.ivanpatzaichin.ro\/en\/?s={search_term_string}"},"query-input":{"@type":"PropertyValueSpecification","valueRequired":true,"valueName":"search_term_string"}}],"inLanguage":"en-US"}]}},"_links":{"self":[{"href":"https:\/\/muzeu.ivanpatzaichin.ro\/en\/wp-json\/wp\/v2\/evenimente\/2749","targetHints":{"allow":["GET"]}}],"collection":[{"href":"https:\/\/muzeu.ivanpatzaichin.ro\/en\/wp-json\/wp\/v2\/evenimente"}],"about":[{"href":"https:\/\/muzeu.ivanpatzaichin.ro\/en\/wp-json\/wp\/v2\/types\/evenimente"}],"wp:featuredmedia":[{"embeddable":true,"href":"https:\/\/muzeu.ivanpatzaichin.ro\/en\/wp-json\/wp\/v2\/media\/2709"}],"wp:attachment":[{"href":"https:\/\/muzeu.ivanpatzaichin.ro\/en\/wp-json\/wp\/v2\/media?parent=2749"}],"wp:term":[{"taxonomy":"tip-eveniment","embeddable":true,"href":"https:\/\/muzeu.ivanpatzaichin.ro\/en\/wp-json\/wp\/v2\/tip-eveniment?post=2749"}],"curies":[{"name":"wp","href":"https:\/\/api.w.org\/{rel}","templated":true}]}}