{"id":2775,"date":"2026-04-06T15:05:16","date_gmt":"2026-04-06T13:05:16","guid":{"rendered":"https:\/\/muzeu.ivanpatzaichin.ro\/?post_type=evenimente&#038;p=2775"},"modified":"2026-04-08T12:57:37","modified_gmt":"2026-04-08T10:57:37","slug":"intalnire-de-informare-cu-operatorii-turistici","status":"publish","type":"evenimente","link":"https:\/\/muzeu.ivanpatzaichin.ro\/en\/evenimente\/intalnire-de-informare-cu-operatorii-turistici\/","title":{"rendered":"\u00cent\u00e2lnire de informare cu operatorii turistici"},"content":{"rendered":"<p>Asocia\u021bia Ivan Patzaichin \u2013 Mila 23 invit\u0103 partenerii \u0219i colaboratorii locali la o \u00eent\u00e2lnire de informare dedicat\u0103 preg\u0103tirii sezonului 2026 la Muzeul Ivan Patzaichin \u2013 Centrul de Inovare Comunitar\u0103.<\/p>\n<p>Discu\u021bia vizeaz\u0103 data redeschiderii sezonului muzeal, schimb\u0103rile care vor avea loc \u00een jurul spa\u021biului muzeal, actualiz\u0103rile privind formatul de rezervare, precum \u0219i calendarul de evenimente planificate \u00een acest an.<\/p>\n<p>La \u00eent\u00e2lnire vor participa \u0219i partenerii de la Orange Romania, care vor prezenta progresul proiectului 5G Connect Danube Delta \u0219i noile oportunit\u0103\u021bi pe care infrastructura 5G le poate aduce pentru activitatea economic\u0103 \u0219i turistic\u0103 din comunit\u0103\u021bile Deltei.<\/p>\n<p>\u00cent\u00e2lnirea face parte dintr-un demers mai amplu de coordonare local\u0103, prin care partenerii implica\u021bi \u00een proiect \u00ee\u0219i propun s\u0103 contribuie la \u00eembun\u0103t\u0103\u021birea oportunit\u0103\u021bilor economice \u0219i a calit\u0103\u021bii vie\u021bii \u00een cele 23 de localit\u0103\u021bi din Delta Dun\u0103rii.<\/p>\n","protected":false},"featured_media":2776,"template":"","tip-eveniment":[83,84,85,86],"class_list":["post-2775","evenimente","type-evenimente","status-publish","has-post-thumbnail","hentry","tip-eveniment-informare","tip-eveniment-intalnire-comunitara","tip-eveniment-parteneriat","tip-eveniment-sezon-muzeal"],"yoast_head":"<!-- This site is optimized with the Yoast SEO plugin v27.3 - https:\/\/yoast.com\/product\/yoast-seo-wordpress\/ -->\n<title>\u00cent\u00e2lnire de informare cu operatorii turistici - Muzeul Ivan Patzaichin<\/title>\n<meta name=\"robots\" content=\"index, follow, max-snippet:-1, max-image-preview:large, max-video-preview:-1\" \/>\n<link rel=\"canonical\" href=\"https:\/\/muzeu.ivanpatzaichin.ro\/en\/evenimente\/intalnire-de-informare-cu-operatorii-turistici\/\" \/>\n<meta property=\"og:locale\" content=\"en_US\" \/>\n<meta property=\"og:type\" content=\"article\" \/>\n<meta property=\"og:title\" content=\"\u00cent\u00e2lnire de informare cu operatorii turistici - Muzeul Ivan Patzaichin\" \/>\n<meta property=\"og:description\" content=\"Asocia\u021bia Ivan Patzaichin \u2013 Mila 23 invit\u0103 partenerii \u0219i colaboratorii locali la o \u00eent\u00e2lnire de informare dedicat\u0103 preg\u0103tirii sezonului 2026 la Muzeul Ivan Patzaichin \u2013 Centrul de Inovare Comunitar\u0103. Discu\u021bia vizeaz\u0103 data redeschiderii sezonului muzeal, schimb\u0103rile care vor avea loc \u00een jurul spa\u021biului muzeal, actualiz\u0103rile privind formatul de rezervare, precum \u0219i calendarul de evenimente planificate [&hellip;]\" \/>\n<meta property=\"og:url\" content=\"https:\/\/muzeu.ivanpatzaichin.ro\/en\/evenimente\/intalnire-de-informare-cu-operatorii-turistici\/\" \/>\n<meta property=\"og:site_name\" content=\"Muzeul Ivan Patzaichin\" \/>\n<meta property=\"article:modified_time\" content=\"2026-04-08T10:57:37+00:00\" \/>\n<meta property=\"og:image\" content=\"https:\/\/muzeu.ivanpatzaichin.ro\/wp-content\/uploads\/2026\/04\/Muzeul-Ivan-Patzaichin-Centru-de-inovare-comunitara-foto-Mani-Gutau.jpg\" \/>\n\t<meta property=\"og:image:width\" content=\"1280\" \/>\n\t<meta property=\"og:image:height\" content=\"853\" \/>\n\t<meta property=\"og:image:type\" content=\"image\/jpeg\" \/>\n<meta name=\"twitter:card\" content=\"summary_large_image\" \/>\n<meta name=\"twitter:label1\" content=\"Est. reading time\" \/>\n\t<meta name=\"twitter:data1\" content=\"1 minute\" \/>\n<script type=\"application\/ld+json\" class=\"yoast-schema-graph\">{\"@context\":\"https:\\\/\\\/schema.org\",\"@graph\":[{\"@type\":\"WebPage\",\"@id\":\"https:\\\/\\\/muzeu.ivanpatzaichin.ro\\\/en\\\/evenimente\\\/intalnire-de-informare-cu-operatorii-turistici\\\/\",\"url\":\"https:\\\/\\\/muzeu.ivanpatzaichin.ro\\\/en\\\/evenimente\\\/intalnire-de-informare-cu-operatorii-turistici\\\/\",\"name\":\"\u00cent\u00e2lnire de informare cu operatorii turistici - Muzeul Ivan Patzaichin\",\"isPartOf\":{\"@id\":\"https:\\\/\\\/muzeu.ivanpatzaichin.ro\\\/en\\\/#website\"},\"primaryImageOfPage\":{\"@id\":\"https:\\\/\\\/muzeu.ivanpatzaichin.ro\\\/en\\\/evenimente\\\/intalnire-de-informare-cu-operatorii-turistici\\\/#primaryimage\"},\"image\":{\"@id\":\"https:\\\/\\\/muzeu.ivanpatzaichin.ro\\\/en\\\/evenimente\\\/intalnire-de-informare-cu-operatorii-turistici\\\/#primaryimage\"},\"thumbnailUrl\":\"https:\\\/\\\/muzeu.ivanpatzaichin.ro\\\/wp-content\\\/uploads\\\/2026\\\/04\\\/Muzeul-Ivan-Patzaichin-Centru-de-inovare-comunitara-foto-Mani-Gutau.jpg\",\"datePublished\":\"2026-04-06T13:05:16+00:00\",\"dateModified\":\"2026-04-08T10:57:37+00:00\",\"breadcrumb\":{\"@id\":\"https:\\\/\\\/muzeu.ivanpatzaichin.ro\\\/en\\\/evenimente\\\/intalnire-de-informare-cu-operatorii-turistici\\\/#breadcrumb\"},\"inLanguage\":\"en-US\",\"potentialAction\":[{\"@type\":\"ReadAction\",\"target\":[\"https:\\\/\\\/muzeu.ivanpatzaichin.ro\\\/en\\\/evenimente\\\/intalnire-de-informare-cu-operatorii-turistici\\\/\"]}]},{\"@type\":\"ImageObject\",\"inLanguage\":\"en-US\",\"@id\":\"https:\\\/\\\/muzeu.ivanpatzaichin.ro\\\/en\\\/evenimente\\\/intalnire-de-informare-cu-operatorii-turistici\\\/#primaryimage\",\"url\":\"https:\\\/\\\/muzeu.ivanpatzaichin.ro\\\/wp-content\\\/uploads\\\/2026\\\/04\\\/Muzeul-Ivan-Patzaichin-Centru-de-inovare-comunitara-foto-Mani-Gutau.jpg\",\"contentUrl\":\"https:\\\/\\\/muzeu.ivanpatzaichin.ro\\\/wp-content\\\/uploads\\\/2026\\\/04\\\/Muzeul-Ivan-Patzaichin-Centru-de-inovare-comunitara-foto-Mani-Gutau.jpg\",\"width\":1280,\"height\":853},{\"@type\":\"BreadcrumbList\",\"@id\":\"https:\\\/\\\/muzeu.ivanpatzaichin.ro\\\/en\\\/evenimente\\\/intalnire-de-informare-cu-operatorii-turistici\\\/#breadcrumb\",\"itemListElement\":[{\"@type\":\"ListItem\",\"position\":1,\"name\":\"Home\",\"item\":\"https:\\\/\\\/muzeu.ivanpatzaichin.ro\\\/en\\\/\"},{\"@type\":\"ListItem\",\"position\":2,\"name\":\"Evenimente\",\"item\":\"https:\\\/\\\/muzeu.ivanpatzaichin.ro\\\/en\\\/evenimente\\\/\"},{\"@type\":\"ListItem\",\"position\":3,\"name\":\"\u00cent\u00e2lnire de informare cu operatorii turistici\"}]},{\"@type\":\"WebSite\",\"@id\":\"https:\\\/\\\/muzeu.ivanpatzaichin.ro\\\/en\\\/#website\",\"url\":\"https:\\\/\\\/muzeu.ivanpatzaichin.ro\\\/en\\\/\",\"name\":\"Muzeul Ivan Patzaichin\",\"description\":\"Muzeul Ivan Patzaichin\",\"potentialAction\":[{\"@type\":\"SearchAction\",\"target\":{\"@type\":\"EntryPoint\",\"urlTemplate\":\"https:\\\/\\\/muzeu.ivanpatzaichin.ro\\\/en\\\/?s={search_term_string}\"},\"query-input\":{\"@type\":\"PropertyValueSpecification\",\"valueRequired\":true,\"valueName\":\"search_term_string\"}}],\"inLanguage\":\"en-US\"}]}<\/script>\n<!-- \/ Yoast SEO plugin. -->","yoast_head_json":{"title":"\u00cent\u00e2lnire de informare cu operatorii turistici - Muzeul Ivan Patzaichin","robots":{"index":"index","follow":"follow","max-snippet":"max-snippet:-1","max-image-preview":"max-image-preview:large","max-video-preview":"max-video-preview:-1"},"canonical":"https:\/\/muzeu.ivanpatzaichin.ro\/en\/evenimente\/intalnire-de-informare-cu-operatorii-turistici\/","og_locale":"en_US","og_type":"article","og_title":"\u00cent\u00e2lnire de informare cu operatorii turistici - Muzeul Ivan Patzaichin","og_description":"Asocia\u021bia Ivan Patzaichin \u2013 Mila 23 invit\u0103 partenerii \u0219i colaboratorii locali la o \u00eent\u00e2lnire de informare dedicat\u0103 preg\u0103tirii sezonului 2026 la Muzeul Ivan Patzaichin \u2013 Centrul de Inovare Comunitar\u0103. Discu\u021bia vizeaz\u0103 data redeschiderii sezonului muzeal, schimb\u0103rile care vor avea loc \u00een jurul spa\u021biului muzeal, actualiz\u0103rile privind formatul de rezervare, precum \u0219i calendarul de evenimente planificate [&hellip;]","og_url":"https:\/\/muzeu.ivanpatzaichin.ro\/en\/evenimente\/intalnire-de-informare-cu-operatorii-turistici\/","og_site_name":"Muzeul Ivan Patzaichin","article_modified_time":"2026-04-08T10:57:37+00:00","og_image":[{"width":1280,"height":853,"url":"https:\/\/muzeu.ivanpatzaichin.ro\/wp-content\/uploads\/2026\/04\/Muzeul-Ivan-Patzaichin-Centru-de-inovare-comunitara-foto-Mani-Gutau.jpg","type":"image\/jpeg"}],"twitter_card":"summary_large_image","twitter_misc":{"Est. reading time":"1 minute"},"schema":{"@context":"https:\/\/schema.org","@graph":[{"@type":"WebPage","@id":"https:\/\/muzeu.ivanpatzaichin.ro\/en\/evenimente\/intalnire-de-informare-cu-operatorii-turistici\/","url":"https:\/\/muzeu.ivanpatzaichin.ro\/en\/evenimente\/intalnire-de-informare-cu-operatorii-turistici\/","name":"\u00cent\u00e2lnire de informare cu operatorii turistici - Muzeul Ivan Patzaichin","isPartOf":{"@id":"https:\/\/muzeu.ivanpatzaichin.ro\/en\/#website"},"primaryImageOfPage":{"@id":"https:\/\/muzeu.ivanpatzaichin.ro\/en\/evenimente\/intalnire-de-informare-cu-operatorii-turistici\/#primaryimage"},"image":{"@id":"https:\/\/muzeu.ivanpatzaichin.ro\/en\/evenimente\/intalnire-de-informare-cu-operatorii-turistici\/#primaryimage"},"thumbnailUrl":"https:\/\/muzeu.ivanpatzaichin.ro\/wp-content\/uploads\/2026\/04\/Muzeul-Ivan-Patzaichin-Centru-de-inovare-comunitara-foto-Mani-Gutau.jpg","datePublished":"2026-04-06T13:05:16+00:00","dateModified":"2026-04-08T10:57:37+00:00","breadcrumb":{"@id":"https:\/\/muzeu.ivanpatzaichin.ro\/en\/evenimente\/intalnire-de-informare-cu-operatorii-turistici\/#breadcrumb"},"inLanguage":"en-US","potentialAction":[{"@type":"ReadAction","target":["https:\/\/muzeu.ivanpatzaichin.ro\/en\/evenimente\/intalnire-de-informare-cu-operatorii-turistici\/"]}]},{"@type":"ImageObject","inLanguage":"en-US","@id":"https:\/\/muzeu.ivanpatzaichin.ro\/en\/evenimente\/intalnire-de-informare-cu-operatorii-turistici\/#primaryimage","url":"https:\/\/muzeu.ivanpatzaichin.ro\/wp-content\/uploads\/2026\/04\/Muzeul-Ivan-Patzaichin-Centru-de-inovare-comunitara-foto-Mani-Gutau.jpg","contentUrl":"https:\/\/muzeu.ivanpatzaichin.ro\/wp-content\/uploads\/2026\/04\/Muzeul-Ivan-Patzaichin-Centru-de-inovare-comunitara-foto-Mani-Gutau.jpg","width":1280,"height":853},{"@type":"BreadcrumbList","@id":"https:\/\/muzeu.ivanpatzaichin.ro\/en\/evenimente\/intalnire-de-informare-cu-operatorii-turistici\/#breadcrumb","itemListElement":[{"@type":"ListItem","position":1,"name":"Home","item":"https:\/\/muzeu.ivanpatzaichin.ro\/en\/"},{"@type":"ListItem","position":2,"name":"Evenimente","item":"https:\/\/muzeu.ivanpatzaichin.ro\/en\/evenimente\/"},{"@type":"ListItem","position":3,"name":"\u00cent\u00e2lnire de informare cu operatorii turistici"}]},{"@type":"WebSite","@id":"https:\/\/muzeu.ivanpatzaichin.ro\/en\/#website","url":"https:\/\/muzeu.ivanpatzaichin.ro\/en\/","name":"Muzeul Ivan Patzaichin","description":"Muzeul Ivan Patzaichin","potentialAction":[{"@type":"SearchAction","target":{"@type":"EntryPoint","urlTemplate":"https:\/\/muzeu.ivanpatzaichin.ro\/en\/?s={search_term_string}"},"query-input":{"@type":"PropertyValueSpecification","valueRequired":true,"valueName":"search_term_string"}}],"inLanguage":"en-US"}]}},"_links":{"self":[{"href":"https:\/\/muzeu.ivanpatzaichin.ro\/en\/wp-json\/wp\/v2\/evenimente\/2775","targetHints":{"allow":["GET"]}}],"collection":[{"href":"https:\/\/muzeu.ivanpatzaichin.ro\/en\/wp-json\/wp\/v2\/evenimente"}],"about":[{"href":"https:\/\/muzeu.ivanpatzaichin.ro\/en\/wp-json\/wp\/v2\/types\/evenimente"}],"wp:featuredmedia":[{"embeddable":true,"href":"https:\/\/muzeu.ivanpatzaichin.ro\/en\/wp-json\/wp\/v2\/media\/2776"}],"wp:attachment":[{"href":"https:\/\/muzeu.ivanpatzaichin.ro\/en\/wp-json\/wp\/v2\/media?parent=2775"}],"wp:term":[{"taxonomy":"tip-eveniment","embeddable":true,"href":"https:\/\/muzeu.ivanpatzaichin.ro\/en\/wp-json\/wp\/v2\/tip-eveniment?post=2775"}],"curies":[{"name":"wp","href":"https:\/\/api.w.org\/{rel}","templated":true}]}}