{"id":865,"date":"2024-05-16T12:43:02","date_gmt":"2024-05-16T10:43:02","guid":{"rendered":"https:\/\/muzeu.ivanpatzaichin.ro\/delta-lui-ivan\/"},"modified":"2024-05-22T17:36:59","modified_gmt":"2024-05-22T15:36:59","slug":"ivans-delta","status":"publish","type":"page","link":"https:\/\/muzeu.ivanpatzaichin.ro\/en\/ivans-delta\/","title":{"rendered":"Ivan&#8217;s Delta"},"content":{"rendered":"\t\t<div data-elementor-type=\"wp-page\" data-elementor-id=\"865\" class=\"elementor elementor-865 elementor-20\" data-elementor-post-type=\"page\">\n\t\t\t\t<div class=\"elementor-element elementor-element-df7a1f1 e-con-full mainimage e-flex e-con e-parent\" data-id=\"df7a1f1\" data-element_type=\"container\" data-e-type=\"container\" data-settings=\"{&quot;jet_parallax_layout_list&quot;:[],&quot;background_background&quot;:&quot;classic&quot;}\">\n\t\t\t\t<div class=\"elementor-element elementor-element-f059d57 bgttl elementor-widget elementor-widget-heading\" data-id=\"f059d57\" data-element_type=\"widget\" data-e-type=\"widget\" data-widget_type=\"heading.default\">\n\t\t\t\t<div class=\"elementor-widget-container\">\n\t\t\t\t\t<h1 class=\"elementor-heading-title elementor-size-default\">Ivan&#8217;s Delta<\/h1>\t\t\t\t<\/div>\n\t\t\t\t<\/div>\n\t\t\t\t<\/div>\n\t\t<div class=\"elementor-element elementor-element-3304cba e-flex e-con-boxed e-con e-parent\" data-id=\"3304cba\" data-element_type=\"container\" data-e-type=\"container\" data-settings=\"{&quot;jet_parallax_layout_list&quot;:[]}\">\n\t\t\t\t\t<div class=\"e-con-inner\">\n\t\t\t\t<div class=\"elementor-element elementor-element-b7396dc elementor-widget elementor-widget-heading\" data-id=\"b7396dc\" data-element_type=\"widget\" data-e-type=\"widget\" data-widget_type=\"heading.default\">\n\t\t\t\t<div class=\"elementor-widget-container\">\n\t\t\t\t\t<h2 class=\"elementor-heading-title elementor-size-default\">\"Ivan's Delta\" is the trilogy through which we honor Ivan Patzaichin\u2019s work as well as continue it, made up of: the Ivan Patzaichin Memorial Ensemble in Tulcea, the Ivan Patzaichin Museum in Mila 23, and the water route connecting them like a gigantic bridge of water.<\/h2>\t\t\t\t<\/div>\n\t\t\t\t<\/div>\n\t\t\t\t\t<\/div>\n\t\t\t\t<\/div>\n\t\t<div class=\"elementor-element elementor-element-34614d9 e-flex e-con-boxed e-con e-parent\" data-id=\"34614d9\" data-element_type=\"container\" data-e-type=\"container\" data-settings=\"{&quot;jet_parallax_layout_list&quot;:[]}\">\n\t\t\t\t\t<div class=\"e-con-inner\">\n\t\t<div class=\"elementor-element elementor-element-7ef8bba e-con-full e-flex e-con e-child\" data-id=\"7ef8bba\" data-element_type=\"container\" data-e-type=\"container\" data-settings=\"{&quot;jet_parallax_layout_list&quot;:[]}\">\n\t\t\t\t<div class=\"elementor-element elementor-element-bb187be elementor-widget elementor-widget-text-editor\" data-id=\"bb187be\" data-element_type=\"widget\" data-e-type=\"widget\" data-widget_type=\"text-editor.default\">\n\t\t\t\t<div class=\"elementor-widget-container\">\n\t\t\t\t\t\t\t\t\t<p><i><span style=\"font-weight: 400;\">One of the themes that constantly<\/span><\/i><b><i> concerned<\/i><\/b><i><span style=\"font-weight: 400;\"> Ivan was the impact of mobility on the well-being of the people in the Delta. Transport solutions adapted to the specific conditions of the area, together with the <\/span><\/i><b><i>adoption <\/i><\/b><i><span style=\"font-weight: 400;\">of a balanced vision of tourism, can lead to a healthier Delta with more prosperous people and tourists more interested in the variety of the place<\/span><\/i><span style=\"font-weight: 400;\">. Tulcea and the Delta need new\u00a0 routes focused on cultural tourism, slow tourism, and ecotourism. The Ensemble aims to become an essential element in this endeavor, contributing to transforming the area into a must-see destination, encouraging exploration and strolling. Because, to quote Ivan, the most wonderful walks are those on water, keeping step with nature, the fish and the birds!<\/span><\/p>\t\t\t\t\t\t\t\t<\/div>\n\t\t\t\t<\/div>\n\t\t\t\t<\/div>\n\t\t\t\t<div class=\"elementor-element elementor-element-c2bdaa0 elementor-widget elementor-widget-video\" data-id=\"c2bdaa0\" data-element_type=\"widget\" data-e-type=\"widget\" data-settings=\"{&quot;youtube_url&quot;:&quot;https:\\\/\\\/www.youtube.com\\\/watch?v=OVTUbp6ScOo&quot;,&quot;video_type&quot;:&quot;youtube&quot;,&quot;controls&quot;:&quot;yes&quot;}\" data-widget_type=\"video.default\">\n\t\t\t\t<div class=\"elementor-widget-container\">\n\t\t\t\t\t\t\t<div class=\"elementor-wrapper elementor-open-inline\">\n\t\t\t<div class=\"elementor-video\"><\/div>\t\t<\/div>\n\t\t\t\t\t\t<\/div>\n\t\t\t\t<\/div>\n\t\t\t\t\t<\/div>\n\t\t\t\t<\/div>\n\t\t<div class=\"elementor-element elementor-element-9f6c9ec e-flex e-con-boxed e-con e-parent\" data-id=\"9f6c9ec\" data-element_type=\"container\" data-e-type=\"container\" data-settings=\"{&quot;jet_parallax_layout_list&quot;:[]}\">\n\t\t\t\t\t<div class=\"e-con-inner\">\n\t\t\t\t<div class=\"elementor-element elementor-element-d0713d8 elementor-widget elementor-widget-heading\" data-id=\"d0713d8\" data-element_type=\"widget\" data-e-type=\"widget\" data-widget_type=\"heading.default\">\n\t\t\t\t<div class=\"elementor-widget-container\">\n\t\t\t\t\t<h3 class=\"elementor-heading-title elementor-size-default\">Ivan Patzaichin Memorial Ensemble<\/h3>\t\t\t\t<\/div>\n\t\t\t\t<\/div>\n\t\t\t\t<div class=\"elementor-element elementor-element-9355044 elementor-widget elementor-widget-text-editor\" data-id=\"9355044\" data-element_type=\"widget\" data-e-type=\"widget\" data-widget_type=\"text-editor.default\">\n\t\t\t\t<div class=\"elementor-widget-container\">\n\t\t\t\t\t\t\t\t\t<p><span style=\"font-weight: 400;\">The Ivan Patzaichin architectural ensemble is a remarkable creation, resulting from the collaboration of five contemporary artists, under the guidance of curator Teodor Frolu, Ivan Patzaichin&#8217;s partner in the Ivan Patzaichin \u2013 Mila 23 Association.The memorial is carefully placed on the waterfront of Tulcea, this ensemble aims to become a reference point for the city \u2013 a true gateway to the Danube Delta, embodying aesthetic, cultural, and historical values with a significant potential in revitalizing tourism, enriching cultural heritage, and promoting sustainable urban development.<\/span><\/p><p><span style=\"font-weight: 400;\">Although conceived as a monument, the ensemble exudes a unique dynamic through elements in motion or suggesting movement. The water collector rotates in harmony with the rhythm of the Danube, the Garden metamorphoses with seasonal changes, the Metope mosaic captivates light in various ways, and the Column reflects its image every second. The steel material of the Stopped Wave and the Settled Heart provides stability, counterbalancing the sensation of continuous water movement.<\/span><\/p><p><span style=\"font-weight: 400;\">Strategically located at the end of the promenade towards Sulina, near the Tulcea Art Museum, the Ensemble also assumes a utilitarian role, marking the starting point for exploring the Delta. Here, light boats begin their journey to the Danube Delta, offering those eager to discover the area at the pace of a paddle, in harmony with Ivan&#8217;s passion for water and nature, a solid and inspirational base.<\/span><\/p><p><span style=\"font-weight: 400;\">The Ivan Patzaichin Memorial Ensemble came to life thanks to the initiative of the Tulcea County Council and the Tulcea City Hall, supported by the Ivan Patzaichin \u2013 Mila 23 Association.<\/span><\/p>\t\t\t\t\t\t\t\t<\/div>\n\t\t\t\t<\/div>\n\t\t\t\t\t<\/div>\n\t\t\t\t<\/div>\n\t\t<div class=\"elementor-element elementor-element-1acbeb7 e-flex e-con-boxed e-con e-parent\" data-id=\"1acbeb7\" data-element_type=\"container\" data-e-type=\"container\" data-settings=\"{&quot;jet_parallax_layout_list&quot;:[]}\">\n\t\t\t\t\t<div class=\"e-con-inner\">\n\t\t\t\t<div class=\"elementor-element elementor-element-059b5a7 elementor-widget elementor-widget-gallery\" data-id=\"059b5a7\" data-element_type=\"widget\" data-e-type=\"widget\" data-settings=\"{&quot;gallery_layout&quot;:&quot;masonry&quot;,&quot;gap&quot;:{&quot;unit&quot;:&quot;px&quot;,&quot;size&quot;:15,&quot;sizes&quot;:[]},&quot;lazyload&quot;:&quot;yes&quot;,&quot;columns&quot;:4,&quot;columns_tablet&quot;:2,&quot;columns_mobile&quot;:1,&quot;gap_tablet&quot;:{&quot;unit&quot;:&quot;px&quot;,&quot;size&quot;:10,&quot;sizes&quot;:[]},&quot;gap_mobile&quot;:{&quot;unit&quot;:&quot;px&quot;,&quot;size&quot;:10,&quot;sizes&quot;:[]},&quot;link_to&quot;:&quot;file&quot;,&quot;overlay_background&quot;:&quot;yes&quot;,&quot;content_hover_animation&quot;:&quot;fade-in&quot;}\" data-widget_type=\"gallery.default\">\n\t\t\t\t<div class=\"elementor-widget-container\">\n\t\t\t\t\t\t\t<div class=\"elementor-gallery__container\">\n\t\t\t\t\t\t\t<a class=\"e-gallery-item elementor-gallery-item elementor-animated-content\" href=\"https:\/\/muzeu.ivanpatzaichin.ro\/wp-content\/uploads\/2024\/05\/Ansamblu-Memorial-Ivn-Patzaichin-Credite-foto-Andreea-Dorobat-1.jpg\" data-elementor-open-lightbox=\"yes\" data-elementor-lightbox-slideshow=\"059b5a7\" data-elementor-lightbox-title=\"Ansamblu-Memorial-Ivn-Patzaichin-Credite-foto-Andreea-Dorobat-1\" data-e-action-hash=\"#elementor-action%3Aaction%3Dlightbox%26settings%3DeyJpZCI6MTIxLCJ1cmwiOiJodHRwczpcL1wvbXV6ZXUuaXZhbnBhdHphaWNoaW4ucm9cL3dwLWNvbnRlbnRcL3VwbG9hZHNcLzIwMjRcLzA1XC9BbnNhbWJsdS1NZW1vcmlhbC1Jdm4tUGF0emFpY2hpbi1DcmVkaXRlLWZvdG8tQW5kcmVlYS1Eb3JvYmF0LTEuanBnIiwic2xpZGVzaG93IjoiMDU5YjVhNyJ9\">\n\t\t\t\t\t<div class=\"e-gallery-image elementor-gallery-item__image\" data-thumbnail=\"https:\/\/muzeu.ivanpatzaichin.ro\/wp-content\/uploads\/2024\/05\/Ansamblu-Memorial-Ivn-Patzaichin-Credite-foto-Andreea-Dorobat-1.jpg\" data-width=\"1280\" data-height=\"853\" aria-label=\"\" role=\"img\" ><\/div>\n\t\t\t\t\t\t\t\t\t\t\t<div class=\"elementor-gallery-item__overlay\"><\/div>\n\t\t\t\t\t\t\t\t\t\t\t\t\t\t<\/a>\n\t\t\t\t\t\t\t<a class=\"e-gallery-item elementor-gallery-item elementor-animated-content\" href=\"https:\/\/muzeu.ivanpatzaichin.ro\/wp-content\/uploads\/2024\/05\/Ansamblu-Memorial-Ivan-Patzaichin-Credite-foto-Mani-Gutau-1.jpg\" data-elementor-open-lightbox=\"yes\" data-elementor-lightbox-slideshow=\"059b5a7\" data-elementor-lightbox-title=\"Ansamblu-Memorial-Ivan-Patzaichin-Credite-foto-Mani-Gutau-1\" data-e-action-hash=\"#elementor-action%3Aaction%3Dlightbox%26settings%3DeyJpZCI6MTIyLCJ1cmwiOiJodHRwczpcL1wvbXV6ZXUuaXZhbnBhdHphaWNoaW4ucm9cL3dwLWNvbnRlbnRcL3VwbG9hZHNcLzIwMjRcLzA1XC9BbnNhbWJsdS1NZW1vcmlhbC1JdmFuLVBhdHphaWNoaW4tQ3JlZGl0ZS1mb3RvLU1hbmktR3V0YXUtMS5qcGciLCJzbGlkZXNob3ciOiIwNTliNWE3In0%3D\">\n\t\t\t\t\t<div class=\"e-gallery-image elementor-gallery-item__image\" data-thumbnail=\"https:\/\/muzeu.ivanpatzaichin.ro\/wp-content\/uploads\/2024\/05\/Ansamblu-Memorial-Ivan-Patzaichin-Credite-foto-Mani-Gutau-1.jpg\" data-width=\"682\" data-height=\"1024\" aria-label=\"\" role=\"img\" ><\/div>\n\t\t\t\t\t\t\t\t\t\t\t<div class=\"elementor-gallery-item__overlay\"><\/div>\n\t\t\t\t\t\t\t\t\t\t\t\t\t\t<\/a>\n\t\t\t\t\t\t\t<a class=\"e-gallery-item elementor-gallery-item elementor-animated-content\" href=\"https:\/\/muzeu.ivanpatzaichin.ro\/wp-content\/uploads\/2024\/05\/Ansamblu-Memorial-Ivan-Patzaichin-Credite-foto-Mani-Gutau-3.jpg\" data-elementor-open-lightbox=\"yes\" data-elementor-lightbox-slideshow=\"059b5a7\" data-elementor-lightbox-title=\"Ansamblu-Memorial-Ivan-Patzaichin-Credite-foto-Mani-Gutau-3\" data-e-action-hash=\"#elementor-action%3Aaction%3Dlightbox%26settings%3DeyJpZCI6MTIzLCJ1cmwiOiJodHRwczpcL1wvbXV6ZXUuaXZhbnBhdHphaWNoaW4ucm9cL3dwLWNvbnRlbnRcL3VwbG9hZHNcLzIwMjRcLzA1XC9BbnNhbWJsdS1NZW1vcmlhbC1JdmFuLVBhdHphaWNoaW4tQ3JlZGl0ZS1mb3RvLU1hbmktR3V0YXUtMy5qcGciLCJzbGlkZXNob3ciOiIwNTliNWE3In0%3D\">\n\t\t\t\t\t<div class=\"e-gallery-image elementor-gallery-item__image\" data-thumbnail=\"https:\/\/muzeu.ivanpatzaichin.ro\/wp-content\/uploads\/2024\/05\/Ansamblu-Memorial-Ivan-Patzaichin-Credite-foto-Mani-Gutau-3.jpg\" data-width=\"1280\" data-height=\"853\" aria-label=\"\" role=\"img\" ><\/div>\n\t\t\t\t\t\t\t\t\t\t\t<div class=\"elementor-gallery-item__overlay\"><\/div>\n\t\t\t\t\t\t\t\t\t\t\t\t\t\t<\/a>\n\t\t\t\t\t\t\t<a class=\"e-gallery-item elementor-gallery-item elementor-animated-content\" href=\"https:\/\/muzeu.ivanpatzaichin.ro\/wp-content\/uploads\/2024\/05\/Ansamblu-Memorial-Ivan-Patzaichin-Credite-foto-Mani-Gutau-4.jpg\" data-elementor-open-lightbox=\"yes\" data-elementor-lightbox-slideshow=\"059b5a7\" data-elementor-lightbox-title=\"Ansamblu-Memorial-Ivan-Patzaichin-Credite-foto-Mani-Gutau-4\" data-e-action-hash=\"#elementor-action%3Aaction%3Dlightbox%26settings%3DeyJpZCI6MTI0LCJ1cmwiOiJodHRwczpcL1wvbXV6ZXUuaXZhbnBhdHphaWNoaW4ucm9cL3dwLWNvbnRlbnRcL3VwbG9hZHNcLzIwMjRcLzA1XC9BbnNhbWJsdS1NZW1vcmlhbC1JdmFuLVBhdHphaWNoaW4tQ3JlZGl0ZS1mb3RvLU1hbmktR3V0YXUtNC5qcGciLCJzbGlkZXNob3ciOiIwNTliNWE3In0%3D\">\n\t\t\t\t\t<div class=\"e-gallery-image elementor-gallery-item__image\" data-thumbnail=\"https:\/\/muzeu.ivanpatzaichin.ro\/wp-content\/uploads\/2024\/05\/Ansamblu-Memorial-Ivan-Patzaichin-Credite-foto-Mani-Gutau-4.jpg\" data-width=\"1280\" data-height=\"853\" aria-label=\"\" role=\"img\" ><\/div>\n\t\t\t\t\t\t\t\t\t\t\t<div class=\"elementor-gallery-item__overlay\"><\/div>\n\t\t\t\t\t\t\t\t\t\t\t\t\t\t<\/a>\n\t\t\t\t\t\t\t<a class=\"e-gallery-item elementor-gallery-item elementor-animated-content\" href=\"https:\/\/muzeu.ivanpatzaichin.ro\/wp-content\/uploads\/2024\/05\/Ansamblu-Memorial-Ivn-Patzaichin-Credite-foto-Andreea-Dorobat-2.jpg\" data-elementor-open-lightbox=\"yes\" data-elementor-lightbox-slideshow=\"059b5a7\" data-elementor-lightbox-title=\"Ansamblu-Memorial-Ivn-Patzaichin-Credite-foto-Andreea-Dorobat-2\" data-e-action-hash=\"#elementor-action%3Aaction%3Dlightbox%26settings%3DeyJpZCI6MTI1LCJ1cmwiOiJodHRwczpcL1wvbXV6ZXUuaXZhbnBhdHphaWNoaW4ucm9cL3dwLWNvbnRlbnRcL3VwbG9hZHNcLzIwMjRcLzA1XC9BbnNhbWJsdS1NZW1vcmlhbC1Jdm4tUGF0emFpY2hpbi1DcmVkaXRlLWZvdG8tQW5kcmVlYS1Eb3JvYmF0LTIuanBnIiwic2xpZGVzaG93IjoiMDU5YjVhNyJ9\">\n\t\t\t\t\t<div class=\"e-gallery-image elementor-gallery-item__image\" data-thumbnail=\"https:\/\/muzeu.ivanpatzaichin.ro\/wp-content\/uploads\/2024\/05\/Ansamblu-Memorial-Ivn-Patzaichin-Credite-foto-Andreea-Dorobat-2.jpg\" data-width=\"1280\" data-height=\"853\" aria-label=\"\" role=\"img\" ><\/div>\n\t\t\t\t\t\t\t\t\t\t\t<div class=\"elementor-gallery-item__overlay\"><\/div>\n\t\t\t\t\t\t\t\t\t\t\t\t\t\t<\/a>\n\t\t\t\t\t\t\t<a class=\"e-gallery-item elementor-gallery-item elementor-animated-content\" href=\"https:\/\/muzeu.ivanpatzaichin.ro\/wp-content\/uploads\/2024\/05\/Ansamblu-Memorial-Ivan-Patzaichin-Credite-foto-Dan-Vezentan.jpg\" data-elementor-open-lightbox=\"yes\" data-elementor-lightbox-slideshow=\"059b5a7\" data-elementor-lightbox-title=\"Ansamblu-Memorial-Ivan-Patzaichin-Credite-foto-Dan-Vezentan\" data-e-action-hash=\"#elementor-action%3Aaction%3Dlightbox%26settings%3DeyJpZCI6MTI2LCJ1cmwiOiJodHRwczpcL1wvbXV6ZXUuaXZhbnBhdHphaWNoaW4ucm9cL3dwLWNvbnRlbnRcL3VwbG9hZHNcLzIwMjRcLzA1XC9BbnNhbWJsdS1NZW1vcmlhbC1JdmFuLVBhdHphaWNoaW4tQ3JlZGl0ZS1mb3RvLURhbi1WZXplbnRhbi5qcGciLCJzbGlkZXNob3ciOiIwNTliNWE3In0%3D\">\n\t\t\t\t\t<div class=\"e-gallery-image elementor-gallery-item__image\" data-thumbnail=\"https:\/\/muzeu.ivanpatzaichin.ro\/wp-content\/uploads\/2024\/05\/Ansamblu-Memorial-Ivan-Patzaichin-Credite-foto-Dan-Vezentan.jpg\" data-width=\"1280\" data-height=\"853\" aria-label=\"\" role=\"img\" ><\/div>\n\t\t\t\t\t\t\t\t\t\t\t<div class=\"elementor-gallery-item__overlay\"><\/div>\n\t\t\t\t\t\t\t\t\t\t\t\t\t\t<\/a>\n\t\t\t\t\t\t\t<a class=\"e-gallery-item elementor-gallery-item elementor-animated-content\" href=\"https:\/\/muzeu.ivanpatzaichin.ro\/wp-content\/uploads\/2024\/05\/Ansamblu-Memorial-Ivan-Patzaichin-Credite-foto-Mani-Gutau-2.jpg\" data-elementor-open-lightbox=\"yes\" data-elementor-lightbox-slideshow=\"059b5a7\" data-elementor-lightbox-title=\"Ansamblu-Memorial-Ivan-Patzaichin-Credite-foto-Mani-Gutau-2\" data-e-action-hash=\"#elementor-action%3Aaction%3Dlightbox%26settings%3DeyJpZCI6MTI3LCJ1cmwiOiJodHRwczpcL1wvbXV6ZXUuaXZhbnBhdHphaWNoaW4ucm9cL3dwLWNvbnRlbnRcL3VwbG9hZHNcLzIwMjRcLzA1XC9BbnNhbWJsdS1NZW1vcmlhbC1JdmFuLVBhdHphaWNoaW4tQ3JlZGl0ZS1mb3RvLU1hbmktR3V0YXUtMi5qcGciLCJzbGlkZXNob3ciOiIwNTliNWE3In0%3D\">\n\t\t\t\t\t<div class=\"e-gallery-image elementor-gallery-item__image\" data-thumbnail=\"https:\/\/muzeu.ivanpatzaichin.ro\/wp-content\/uploads\/2024\/05\/Ansamblu-Memorial-Ivan-Patzaichin-Credite-foto-Mani-Gutau-2.jpg\" data-width=\"682\" data-height=\"1024\" aria-label=\"\" role=\"img\" ><\/div>\n\t\t\t\t\t\t\t\t\t\t\t<div class=\"elementor-gallery-item__overlay\"><\/div>\n\t\t\t\t\t\t\t\t\t\t\t\t\t\t<\/a>\n\t\t\t\t\t\t\t<a class=\"e-gallery-item elementor-gallery-item elementor-animated-content\" href=\"https:\/\/muzeu.ivanpatzaichin.ro\/wp-content\/uploads\/2024\/05\/Ansamblu-Memorial-Ivn-Patzaichin-Credite-foto-Andreea-Dorobat-3.jpg\" data-elementor-open-lightbox=\"yes\" data-elementor-lightbox-slideshow=\"059b5a7\" data-elementor-lightbox-title=\"Ansamblu-Memorial-Ivn-Patzaichin-Credite-foto-Andreea-Dorobat-3\" data-e-action-hash=\"#elementor-action%3Aaction%3Dlightbox%26settings%3DeyJpZCI6MTI4LCJ1cmwiOiJodHRwczpcL1wvbXV6ZXUuaXZhbnBhdHphaWNoaW4ucm9cL3dwLWNvbnRlbnRcL3VwbG9hZHNcLzIwMjRcLzA1XC9BbnNhbWJsdS1NZW1vcmlhbC1Jdm4tUGF0emFpY2hpbi1DcmVkaXRlLWZvdG8tQW5kcmVlYS1Eb3JvYmF0LTMuanBnIiwic2xpZGVzaG93IjoiMDU5YjVhNyJ9\">\n\t\t\t\t\t<div class=\"e-gallery-image elementor-gallery-item__image\" data-thumbnail=\"https:\/\/muzeu.ivanpatzaichin.ro\/wp-content\/uploads\/2024\/05\/Ansamblu-Memorial-Ivn-Patzaichin-Credite-foto-Andreea-Dorobat-3.jpg\" data-width=\"1280\" data-height=\"853\" aria-label=\"\" role=\"img\" ><\/div>\n\t\t\t\t\t\t\t\t\t\t\t<div class=\"elementor-gallery-item__overlay\"><\/div>\n\t\t\t\t\t\t\t\t\t\t\t\t\t\t<\/a>\n\t\t\t\t\t\t\t<a class=\"e-gallery-item elementor-gallery-item elementor-animated-content\" href=\"https:\/\/muzeu.ivanpatzaichin.ro\/wp-content\/uploads\/2024\/05\/Ansamblu-Memorial-Ivn-Patzaichin-Credite-foto-Andreea-Dorobat-4.jpg\" data-elementor-open-lightbox=\"yes\" data-elementor-lightbox-slideshow=\"059b5a7\" data-elementor-lightbox-title=\"Ansamblu-Memorial-Ivn-Patzaichin-Credite-foto-Andreea-Dorobat-4\" data-e-action-hash=\"#elementor-action%3Aaction%3Dlightbox%26settings%3DeyJpZCI6MTI5LCJ1cmwiOiJodHRwczpcL1wvbXV6ZXUuaXZhbnBhdHphaWNoaW4ucm9cL3dwLWNvbnRlbnRcL3VwbG9hZHNcLzIwMjRcLzA1XC9BbnNhbWJsdS1NZW1vcmlhbC1Jdm4tUGF0emFpY2hpbi1DcmVkaXRlLWZvdG8tQW5kcmVlYS1Eb3JvYmF0LTQuanBnIiwic2xpZGVzaG93IjoiMDU5YjVhNyJ9\">\n\t\t\t\t\t<div class=\"e-gallery-image elementor-gallery-item__image\" data-thumbnail=\"https:\/\/muzeu.ivanpatzaichin.ro\/wp-content\/uploads\/2024\/05\/Ansamblu-Memorial-Ivn-Patzaichin-Credite-foto-Andreea-Dorobat-4.jpg\" data-width=\"1280\" data-height=\"853\" aria-label=\"\" role=\"img\" ><\/div>\n\t\t\t\t\t\t\t\t\t\t\t<div class=\"elementor-gallery-item__overlay\"><\/div>\n\t\t\t\t\t\t\t\t\t\t\t\t\t\t<\/a>\n\t\t\t\t\t<\/div>\n\t\t\t\t\t<\/div>\n\t\t\t\t<\/div>\n\t\t\t\t\t<\/div>\n\t\t\t\t<\/div>\n\t\t<div class=\"elementor-element elementor-element-cb178ab e-flex e-con-boxed e-con e-parent\" data-id=\"cb178ab\" data-element_type=\"container\" data-e-type=\"container\" data-settings=\"{&quot;jet_parallax_layout_list&quot;:[]}\">\n\t\t\t\t\t<div class=\"e-con-inner\">\n\t\t\t\t<div class=\"elementor-element elementor-element-2ad0bfd elementor-widget elementor-widget-text-editor\" data-id=\"2ad0bfd\" data-element_type=\"widget\" data-e-type=\"widget\" data-widget_type=\"text-editor.default\">\n\t\t\t\t<div class=\"elementor-widget-container\">\n\t\t\t\t\t\t\t\t\t<p><span style=\"font-weight: 400;\">Curatorial Concept: Teodor Victor Frolu | Operational Manager: Adriana Ioan<\/span><span style=\"font-weight: 400;\"><br \/><\/span><span style=\"font-weight: 400;\">Architecture Project: skaarhitects \u2013 Sorin Istudor, Kalliopi Dimou, Iulia Anghel<\/span><span style=\"font-weight: 400;\"><br \/><\/span><span style=\"font-weight: 400;\">General Contractor: Max Boegl Rom\u00e2nia \u2013 Complex Delta<\/span><span style=\"font-weight: 400;\"><br \/><\/span><span style=\"font-weight: 400;\">General Builder: Terra Construct | Architectural Lighting: Interiors Data Trade<\/span><span style=\"font-weight: 400;\"><br \/><\/span><span style=\"font-weight: 400;\">Electrical Installations: Flash Lighting Services | Technical Assistance: Opscape HUB<\/span><\/p>\t\t\t\t\t\t\t\t<\/div>\n\t\t\t\t<\/div>\n\t\t\t\t\t<\/div>\n\t\t\t\t<\/div>\n\t\t<div class=\"elementor-element elementor-element-e5293ea e-flex e-con-boxed e-con e-parent\" data-id=\"e5293ea\" data-element_type=\"container\" data-e-type=\"container\" data-settings=\"{&quot;jet_parallax_layout_list&quot;:[]}\">\n\t\t\t\t\t<div class=\"e-con-inner\">\n\t\t\t\t<div class=\"elementor-element elementor-element-5173c4d elementor-widget elementor-widget-video\" data-id=\"5173c4d\" data-element_type=\"widget\" data-e-type=\"widget\" data-settings=\"{&quot;youtube_url&quot;:&quot;https:\\\/\\\/www.youtube.com\\\/watch?v=9oldCvfe_sc&quot;,&quot;video_type&quot;:&quot;youtube&quot;,&quot;controls&quot;:&quot;yes&quot;}\" data-widget_type=\"video.default\">\n\t\t\t\t<div class=\"elementor-widget-container\">\n\t\t\t\t\t\t\t<div class=\"elementor-wrapper elementor-open-inline\">\n\t\t\t<div class=\"elementor-video\"><\/div>\t\t<\/div>\n\t\t\t\t\t\t<\/div>\n\t\t\t\t<\/div>\n\t\t<div class=\"elementor-element elementor-element-f69f77a e-con-full e-flex e-con e-child\" data-id=\"f69f77a\" data-element_type=\"container\" data-e-type=\"container\" data-settings=\"{&quot;jet_parallax_layout_list&quot;:[]}\">\n\t\t\t\t<div class=\"elementor-element elementor-element-d4833d9 elementor-widget elementor-widget-text-editor\" data-id=\"d4833d9\" data-element_type=\"widget\" data-e-type=\"widget\" data-widget_type=\"text-editor.default\">\n\t\t\t\t<div class=\"elementor-widget-container\">\n\t\t\t\t\t\t\t\t\t<p><span style=\"font-weight: 400;\">COLUMN \u2013 Author: Virgil Scripcariu | Structural Project: Popp &amp; Asocia\u021bii | Execution: Tooling Tech<\/span><span style=\"font-weight: 400;\"><br \/><\/span><span style=\"font-weight: 400;\">METOPE \u2013 Author: Mircea Cantor | Mosaic Painting: Monumental Iconic<\/span><span style=\"font-weight: 400;\"><br \/><\/span><span style=\"font-weight: 400;\">STOPPED WAVE AND SETTLED HEART \u2013 Author: Teodor Graur | Execution: VARD Tulcea<\/span><span style=\"font-weight: 400;\"><br \/><\/span><span style=\"font-weight: 400;\">WATER COLLECTOR \u2013 Author: Dan Vezentan | Hydraulic System Design and Execution: Institute of Hydraulics and Pneumatics Research Bucharest | Water Filtration System: Toma Treatment Group | Execution: Tehnomet<\/span><span style=\"font-weight: 400;\"><br \/><\/span><span style=\"font-weight: 400;\">GARDEN \u2013 Author: Ol\u00e1h Gy\u00e1rf\u00e1s | Landscape Project: Atelier Foaie Verde | Execution: Tulcea Public Services<\/span><\/p>\t\t\t\t\t\t\t\t<\/div>\n\t\t\t\t<\/div>\n\t\t\t\t<\/div>\n\t\t\t\t\t<\/div>\n\t\t\t\t<\/div>\n\t\t<div class=\"elementor-element elementor-element-76c69be e-flex e-con-boxed e-con e-parent\" data-id=\"76c69be\" data-element_type=\"container\" data-e-type=\"container\" data-settings=\"{&quot;jet_parallax_layout_list&quot;:[]}\">\n\t\t\t\t\t<div class=\"e-con-inner\">\n\t\t<div class=\"elementor-element elementor-element-5532012 e-con-full e-flex e-con e-child\" data-id=\"5532012\" data-element_type=\"container\" data-e-type=\"container\" data-settings=\"{&quot;jet_parallax_layout_list&quot;:[]}\">\n\t\t\t\t<div class=\"elementor-element elementor-element-eef9c24 elementor-widget elementor-widget-heading\" data-id=\"eef9c24\" data-element_type=\"widget\" data-e-type=\"widget\" data-widget_type=\"heading.default\">\n\t\t\t\t<div class=\"elementor-widget-container\">\n\t\t\t\t\t<h2 class=\"elementor-heading-title elementor-size-default\">Slow Tourism Routes<\/h2>\t\t\t\t<\/div>\n\t\t\t\t<\/div>\n\t\t\t\t<div class=\"elementor-element elementor-element-010b19c elementor-widget elementor-widget-text-editor\" data-id=\"010b19c\" data-element_type=\"widget\" data-e-type=\"widget\" data-widget_type=\"text-editor.default\">\n\t\t\t\t<div class=\"elementor-widget-container\">\n\t\t\t\t\t\t\t\t\t<p><span style=\"font-weight: 400;\">Slow tourism routes, conducted with paddle and electric boats, will create connections between the Memorial Ensemble in Tulcea, the Ivan Patzaichin Museum in Mila 23, and other cultural and natural attractions in the natural and cultural landscape of the Danube Delta. This network will consolidate into an alternative proposal for responsible tourism, with the first element being the approximately 52-kilometer water route between Tulcea and Mila 23. It represents the initial initiative towards developing a complete infrastructure for exploring the Delta with ecological boats.<\/span><\/p>\t\t\t\t\t\t\t\t<\/div>\n\t\t\t\t<\/div>\n\t\t\t\t<\/div>\n\t\t\t\t<div class=\"elementor-element elementor-element-b07bc9d elementor-widget elementor-widget-video\" data-id=\"b07bc9d\" data-element_type=\"widget\" data-e-type=\"widget\" data-settings=\"{&quot;youtube_url&quot;:&quot;https:\\\/\\\/www.youtube.com\\\/watch?v=xdXwnodr7P4&quot;,&quot;video_type&quot;:&quot;youtube&quot;,&quot;controls&quot;:&quot;yes&quot;}\" data-widget_type=\"video.default\">\n\t\t\t\t<div class=\"elementor-widget-container\">\n\t\t\t\t\t\t\t<div class=\"elementor-wrapper elementor-open-inline\">\n\t\t\t<div class=\"elementor-video\"><\/div>\t\t<\/div>\n\t\t\t\t\t\t<\/div>\n\t\t\t\t<\/div>\n\t\t\t\t\t<\/div>\n\t\t\t\t<\/div>\n\t\t<div class=\"elementor-element elementor-element-621abcc e-flex e-con-boxed e-con e-parent\" data-id=\"621abcc\" data-element_type=\"container\" data-e-type=\"container\" data-settings=\"{&quot;jet_parallax_layout_list&quot;:[]}\">\n\t\t\t\t\t<div class=\"e-con-inner\">\n\t\t\t\t<div class=\"elementor-element elementor-element-5ebd317 elementor-widget elementor-widget-text-editor\" data-id=\"5ebd317\" data-element_type=\"widget\" data-e-type=\"widget\" data-widget_type=\"text-editor.default\">\n\t\t\t\t<div class=\"elementor-widget-container\">\n\t\t\t\t\t\t\t\t\t<p><span style=\"font-weight: 400;\">These routes are part of a project by the Ivan Patzaichin \u2013 Mila 23 Association, financially supported by the Romanian-American Foundation (RAF) and the Department for Sustainable Development, in close collaboration with the Danube Delta Biosphere Reserve Administration (ARBDD). The project&#8217;s objective is to shift tourism paradigms towards a sustainable approach. The main component of this shift is the 52-kilometer aquatic route, representing a crucial step towards developing an infrastructure suited for visiting the Delta with environmentally friendly boats.<\/span><\/p>\t\t\t\t\t\t\t\t<\/div>\n\t\t\t\t<\/div>\n\t\t\t\t\t<\/div>\n\t\t\t\t<\/div>\n\t\t<div class=\"elementor-element elementor-element-e15cc4f e-flex e-con-boxed e-con e-parent\" data-id=\"e15cc4f\" data-element_type=\"container\" data-e-type=\"container\" data-settings=\"{&quot;jet_parallax_layout_list&quot;:[]}\">\n\t\t\t\t\t<div class=\"e-con-inner\">\n\t\t\t\t<div class=\"elementor-element elementor-element-e8f807f elementor-widget elementor-widget-heading\" data-id=\"e8f807f\" data-element_type=\"widget\" data-e-type=\"widget\" data-widget_type=\"heading.default\">\n\t\t\t\t<div class=\"elementor-widget-container\">\n\t\t\t\t\t<h2 class=\"elementor-heading-title elementor-size-default\">The initiative aims to protect tourist destinations, local communities, and the environment, contributing to promoting a sustainable and inclusive local economy. By transforming the tourism paradigm, we aim to bring lasting benefits both for the environment and for local communities, while offering tourists an authentic and responsible experience in the heart of the Danube Delta.\n<\/h2>\t\t\t\t<\/div>\n\t\t\t\t<\/div>\n\t\t\t\t\t<\/div>\n\t\t\t\t<\/div>\n\t\t<div class=\"elementor-element elementor-element-a01846b e-flex e-con-boxed e-con e-parent\" data-id=\"a01846b\" data-element_type=\"container\" data-e-type=\"container\" data-settings=\"{&quot;jet_parallax_layout_list&quot;:[]}\">\n\t\t\t\t\t<div class=\"e-con-inner\">\n\t\t<div class=\"elementor-element elementor-element-96565c4 e-con-full e-flex e-con e-child\" data-id=\"96565c4\" data-element_type=\"container\" data-e-type=\"container\" data-settings=\"{&quot;jet_parallax_layout_list&quot;:[]}\">\n\t\t\t\t<div class=\"elementor-element elementor-element-34eb61f elementor-widget elementor-widget-image\" data-id=\"34eb61f\" data-element_type=\"widget\" data-e-type=\"widget\" data-widget_type=\"image.default\">\n\t\t\t\t<div class=\"elementor-widget-container\">\n\t\t\t\t\t\t\t\t\t\t\t\t\t\t\t<img fetchpriority=\"high\" decoding=\"async\" width=\"1920\" height=\"1080\" src=\"https:\/\/muzeu.ivanpatzaichin.ro\/wp-content\/uploads\/2024\/05\/Muzeul-Ivan-Patzaichin.-credit-foto-Mani-Gutau-5.png\" class=\"attachment-full size-full wp-image-805\" alt=\"\" srcset=\"https:\/\/muzeu.ivanpatzaichin.ro\/wp-content\/uploads\/2024\/05\/Muzeul-Ivan-Patzaichin.-credit-foto-Mani-Gutau-5.png 1920w, https:\/\/muzeu.ivanpatzaichin.ro\/wp-content\/uploads\/2024\/05\/Muzeul-Ivan-Patzaichin.-credit-foto-Mani-Gutau-5-600x338.png 600w, https:\/\/muzeu.ivanpatzaichin.ro\/wp-content\/uploads\/2024\/05\/Muzeul-Ivan-Patzaichin.-credit-foto-Mani-Gutau-5-300x169.png 300w, https:\/\/muzeu.ivanpatzaichin.ro\/wp-content\/uploads\/2024\/05\/Muzeul-Ivan-Patzaichin.-credit-foto-Mani-Gutau-5-1024x576.png 1024w, https:\/\/muzeu.ivanpatzaichin.ro\/wp-content\/uploads\/2024\/05\/Muzeul-Ivan-Patzaichin.-credit-foto-Mani-Gutau-5-768x432.png 768w, https:\/\/muzeu.ivanpatzaichin.ro\/wp-content\/uploads\/2024\/05\/Muzeul-Ivan-Patzaichin.-credit-foto-Mani-Gutau-5-1536x864.png 1536w\" sizes=\"(max-width: 1920px) 100vw, 1920px\" \/>\t\t\t\t\t\t\t\t\t\t\t\t\t\t\t<\/div>\n\t\t\t\t<\/div>\n\t\t\t\t<div class=\"elementor-element elementor-element-dc3edcb elementor-widget elementor-widget-text-editor\" data-id=\"dc3edcb\" data-element_type=\"widget\" data-e-type=\"widget\" data-widget_type=\"text-editor.default\">\n\t\t\t\t<div class=\"elementor-widget-container\">\n\t\t\t\t\t\t\t\t\t<p><em><i><span style=\"font-weight: 400;\">Photo credits<\/span><\/i>: Mani Gut\u0103u<\/em><\/p><p><span style=\"font-weight: 400;\">Concept: Architect Teodor Victor Frolu | Operational Manager: Adriana Ioan | Financial Manager: Dan C\u00e2rjan<\/span><span style=\"font-weight: 400;\"><br \/><\/span><span style=\"font-weight: 400;\">Architecture Project: skaarhitects | Structure Project: Creative Engineering<\/span><span style=\"font-weight: 400;\"><br \/><\/span><span style=\"font-weight: 400;\">General Contractor: Terra Construct | Wood Structure: GLULAM | Hemp System: HEMP NZEB<\/span><span style=\"font-weight: 400;\"><br \/><\/span><span style=\"font-weight: 400;\">Restoration: ASTRA National Museum Complex | Graphics: studio shentzu | Exhibit Production: Kaustik<\/span><\/p>\t\t\t\t\t\t\t\t<\/div>\n\t\t\t\t<\/div>\n\t\t\t\t<\/div>\n\t\t<div class=\"elementor-element elementor-element-6128b7f e-con-full e-flex e-con e-child\" data-id=\"6128b7f\" data-element_type=\"container\" data-e-type=\"container\" data-settings=\"{&quot;jet_parallax_layout_list&quot;:[]}\">\n\t\t\t\t<div class=\"elementor-element elementor-element-f4efb7a elementor-widget elementor-widget-heading\" data-id=\"f4efb7a\" data-element_type=\"widget\" data-e-type=\"widget\" data-widget_type=\"heading.default\">\n\t\t\t\t<div class=\"elementor-widget-container\">\n\t\t\t\t\t<h2 class=\"elementor-heading-title elementor-size-default\">Ivan Patzaichin Museum in Mila 23\n<\/h2>\t\t\t\t<\/div>\n\t\t\t\t<\/div>\n\t\t\t\t<div class=\"elementor-element elementor-element-b5113f4 elementor-widget elementor-widget-text-editor\" data-id=\"b5113f4\" data-element_type=\"widget\" data-e-type=\"widget\" data-widget_type=\"text-editor.default\">\n\t\t\t\t<div class=\"elementor-widget-container\">\n\t\t\t\t\t\t\t\t\t<p><span style=\"font-weight: 400;\">The Ivan Patzaichin Museum \u2013 Community Innovation Center in Mila 23 boldly reconfigures the traditional concept of a museum, integrating it into a modern cultural center and thus becoming an essential pillar in the dynamic progress of the local community. Functioning as a platform dedicated to celebrating Ivan Patzaichin&#8217;s achievements and concerns, the museum offers a vibrant framework for showcasing the culture and traditions of the Lipovans from Mila 23, while emphasizing the fragility of the Danube Delta&#8217;s biodiversity.<\/span><\/p><p><span style=\"font-weight: 400;\">Visitors are invited to enter Patzaichin&#8217;s universe, explore key moments from his life, discover the history of the picturesque village of Mila 23, and appreciate the community&#8217;s contributions to paddle sports. Thus, the museum becomes a place of deep connection with the cultural and natural heritage of the Delta, encouraging understanding and appreciation of local diversity.<\/span><\/p>\t\t\t\t\t\t\t\t<\/div>\n\t\t\t\t<\/div>\n\t\t\t\t<\/div>\n\t\t\t\t\t<\/div>\n\t\t\t\t<\/div>\n\t\t<div class=\"elementor-element elementor-element-de3e196 e-flex e-con-boxed e-con e-parent\" data-id=\"de3e196\" data-element_type=\"container\" data-e-type=\"container\" data-settings=\"{&quot;jet_parallax_layout_list&quot;:[]}\">\n\t\t\t\t\t<div class=\"e-con-inner\">\n\t\t\t\t<div class=\"elementor-element elementor-element-9aae8f2 elementor-widget elementor-widget-text-editor\" data-id=\"9aae8f2\" data-element_type=\"widget\" data-e-type=\"widget\" data-widget_type=\"text-editor.default\">\n\t\t\t\t<div class=\"elementor-widget-container\">\n\t\t\t\t\t\t\t\t\t<p><span style=\"font-weight: 400;\">Through innovative educational projects and the integration of a residency area for contemporary artists, the museum transforms into an essential actor in the continuous evolution of the community and the perpetuation of cultural heritage. The generous financial contribution of the Main Partner BCR and Alpha Bank Romania was crucial for the museum&#8217;s realization, and the ensemble&#8217;s construction was made possible by sponsorships from Bosch Romania Foundation, Vasile Tomoiag\u0103 Association, Imuc Global Group, Addinol Lubricants Romania, TMD Pro Solutions, CTE Solution-Specialized Equipment, Energoconstruct. Sincere thanks also go to the Romanian-American Foundation for consistent financial and managerial support.<\/span><\/p>\t\t\t\t\t\t\t\t<\/div>\n\t\t\t\t<\/div>\n\t\t\t\t\t<\/div>\n\t\t\t\t<\/div>\n\t\t<div class=\"elementor-element elementor-element-c5c0230 e-flex e-con-boxed e-con e-parent\" data-id=\"c5c0230\" data-element_type=\"container\" data-e-type=\"container\" data-settings=\"{&quot;jet_parallax_layout_list&quot;:[]}\">\n\t\t\t\t\t<div class=\"e-con-inner\">\n\t\t\t\t<div class=\"elementor-element elementor-element-f4a2adb elementor-widget elementor-widget-text-editor\" data-id=\"f4a2adb\" data-element_type=\"widget\" data-e-type=\"widget\" data-widget_type=\"text-editor.default\">\n\t\t\t\t<div class=\"elementor-widget-container\">\n\t\t\t\t\t\t\t\t\t<p><span style=\"font-weight: 400;\">We invite you to discover Ivan Patzaichin&#8217;s journey and explore the Museum that honors his memory.<\/span><\/p>\t\t\t\t\t\t\t\t<\/div>\n\t\t\t\t<\/div>\n\t\t\t\t\t<\/div>\n\t\t\t\t<\/div>\n\t\t\t\t<\/div>\n\t\t","protected":false},"excerpt":{"rendered":"<p>&#8220;Ivan&#8217;s Delta&#8221; is the trilogy through which we honor Ivan Patzaichin\u2019s work as well as continue it, made up of: the Ivan Patzaichin Memorial Ensemble in Tulcea, the Ivan Patzaichin Museum in Mila 23, and the water route connecting them like a gigantic bridge of water. One of the themes that constantly concerned Ivan was [&hellip;]<\/p>\n","protected":false},"author":1,"featured_media":0,"parent":0,"menu_order":0,"comment_status":"closed","ping_status":"closed","template":"","meta":{"footnotes":""},"class_list":["post-865","page","type-page","status-publish","hentry"],"yoast_head":"<!-- This site is optimized with the Yoast SEO plugin v27.3 - https:\/\/yoast.com\/product\/yoast-seo-wordpress\/ -->\n<title>Ivan&#039;s Delta - Muzeul Ivan Patzaichin<\/title>\n<meta name=\"robots\" content=\"index, follow, max-snippet:-1, max-image-preview:large, max-video-preview:-1\" \/>\n<link rel=\"canonical\" href=\"https:\/\/muzeu.ivanpatzaichin.ro\/en\/ivans-delta\/\" \/>\n<meta property=\"og:locale\" content=\"en_US\" \/>\n<meta property=\"og:type\" content=\"article\" \/>\n<meta property=\"og:title\" content=\"Ivan&#039;s Delta - Muzeul Ivan Patzaichin\" \/>\n<meta property=\"og:description\" content=\"&#8220;Ivan&#8217;s Delta&#8221; is the trilogy through which we honor Ivan Patzaichin\u2019s work as well as continue it, made up of: the Ivan Patzaichin Memorial Ensemble in Tulcea, the Ivan Patzaichin Museum in Mila 23, and the water route connecting them like a gigantic bridge of water. One of the themes that constantly concerned Ivan was [&hellip;]\" \/>\n<meta property=\"og:url\" content=\"https:\/\/muzeu.ivanpatzaichin.ro\/en\/ivans-delta\/\" \/>\n<meta property=\"og:site_name\" content=\"Muzeul Ivan Patzaichin\" \/>\n<meta property=\"article:modified_time\" content=\"2024-05-22T15:36:59+00:00\" \/>\n<meta property=\"og:image\" content=\"https:\/\/muzeu.ivanpatzaichin.ro\/wp-content\/uploads\/2024\/05\/Muzeul-Ivan-Patzaichin.-credit-foto-Mani-Gutau-5.png\" \/>\n<meta name=\"twitter:card\" content=\"summary_large_image\" \/>\n<meta name=\"twitter:label1\" content=\"Est. reading time\" \/>\n\t<meta name=\"twitter:data1\" content=\"5 minutes\" \/>\n<script type=\"application\/ld+json\" class=\"yoast-schema-graph\">{\"@context\":\"https:\\\/\\\/schema.org\",\"@graph\":[{\"@type\":\"WebPage\",\"@id\":\"https:\\\/\\\/muzeu.ivanpatzaichin.ro\\\/en\\\/ivans-delta\\\/\",\"url\":\"https:\\\/\\\/muzeu.ivanpatzaichin.ro\\\/en\\\/ivans-delta\\\/\",\"name\":\"Ivan's Delta - Muzeul Ivan Patzaichin\",\"isPartOf\":{\"@id\":\"https:\\\/\\\/muzeu.ivanpatzaichin.ro\\\/en\\\/#website\"},\"primaryImageOfPage\":{\"@id\":\"https:\\\/\\\/muzeu.ivanpatzaichin.ro\\\/en\\\/ivans-delta\\\/#primaryimage\"},\"image\":{\"@id\":\"https:\\\/\\\/muzeu.ivanpatzaichin.ro\\\/en\\\/ivans-delta\\\/#primaryimage\"},\"thumbnailUrl\":\"https:\\\/\\\/muzeu.ivanpatzaichin.ro\\\/wp-content\\\/uploads\\\/2024\\\/05\\\/Muzeul-Ivan-Patzaichin.-credit-foto-Mani-Gutau-5.png\",\"datePublished\":\"2024-05-16T10:43:02+00:00\",\"dateModified\":\"2024-05-22T15:36:59+00:00\",\"breadcrumb\":{\"@id\":\"https:\\\/\\\/muzeu.ivanpatzaichin.ro\\\/en\\\/ivans-delta\\\/#breadcrumb\"},\"inLanguage\":\"en-US\",\"potentialAction\":[{\"@type\":\"ReadAction\",\"target\":[\"https:\\\/\\\/muzeu.ivanpatzaichin.ro\\\/en\\\/ivans-delta\\\/\"]}]},{\"@type\":\"ImageObject\",\"inLanguage\":\"en-US\",\"@id\":\"https:\\\/\\\/muzeu.ivanpatzaichin.ro\\\/en\\\/ivans-delta\\\/#primaryimage\",\"url\":\"https:\\\/\\\/muzeu.ivanpatzaichin.ro\\\/wp-content\\\/uploads\\\/2024\\\/05\\\/Muzeul-Ivan-Patzaichin.-credit-foto-Mani-Gutau-5.png\",\"contentUrl\":\"https:\\\/\\\/muzeu.ivanpatzaichin.ro\\\/wp-content\\\/uploads\\\/2024\\\/05\\\/Muzeul-Ivan-Patzaichin.-credit-foto-Mani-Gutau-5.png\"},{\"@type\":\"BreadcrumbList\",\"@id\":\"https:\\\/\\\/muzeu.ivanpatzaichin.ro\\\/en\\\/ivans-delta\\\/#breadcrumb\",\"itemListElement\":[{\"@type\":\"ListItem\",\"position\":1,\"name\":\"Home\",\"item\":\"https:\\\/\\\/muzeu.ivanpatzaichin.ro\\\/en\\\/\"},{\"@type\":\"ListItem\",\"position\":2,\"name\":\"Ivan&#8217;s Delta\"}]},{\"@type\":\"WebSite\",\"@id\":\"https:\\\/\\\/muzeu.ivanpatzaichin.ro\\\/en\\\/#website\",\"url\":\"https:\\\/\\\/muzeu.ivanpatzaichin.ro\\\/en\\\/\",\"name\":\"Muzeul Ivan Patzaichin\",\"description\":\"Muzeul Ivan Patzaichin\",\"potentialAction\":[{\"@type\":\"SearchAction\",\"target\":{\"@type\":\"EntryPoint\",\"urlTemplate\":\"https:\\\/\\\/muzeu.ivanpatzaichin.ro\\\/en\\\/?s={search_term_string}\"},\"query-input\":{\"@type\":\"PropertyValueSpecification\",\"valueRequired\":true,\"valueName\":\"search_term_string\"}}],\"inLanguage\":\"en-US\"}]}<\/script>\n<!-- \/ Yoast SEO plugin. -->","yoast_head_json":{"title":"Ivan's Delta - Muzeul Ivan Patzaichin","robots":{"index":"index","follow":"follow","max-snippet":"max-snippet:-1","max-image-preview":"max-image-preview:large","max-video-preview":"max-video-preview:-1"},"canonical":"https:\/\/muzeu.ivanpatzaichin.ro\/en\/ivans-delta\/","og_locale":"en_US","og_type":"article","og_title":"Ivan's Delta - Muzeul Ivan Patzaichin","og_description":"&#8220;Ivan&#8217;s Delta&#8221; is the trilogy through which we honor Ivan Patzaichin\u2019s work as well as continue it, made up of: the Ivan Patzaichin Memorial Ensemble in Tulcea, the Ivan Patzaichin Museum in Mila 23, and the water route connecting them like a gigantic bridge of water. One of the themes that constantly concerned Ivan was [&hellip;]","og_url":"https:\/\/muzeu.ivanpatzaichin.ro\/en\/ivans-delta\/","og_site_name":"Muzeul Ivan Patzaichin","article_modified_time":"2024-05-22T15:36:59+00:00","og_image":[{"url":"https:\/\/muzeu.ivanpatzaichin.ro\/wp-content\/uploads\/2024\/05\/Muzeul-Ivan-Patzaichin.-credit-foto-Mani-Gutau-5.png","type":"","width":"","height":""}],"twitter_card":"summary_large_image","twitter_misc":{"Est. reading time":"5 minutes"},"schema":{"@context":"https:\/\/schema.org","@graph":[{"@type":"WebPage","@id":"https:\/\/muzeu.ivanpatzaichin.ro\/en\/ivans-delta\/","url":"https:\/\/muzeu.ivanpatzaichin.ro\/en\/ivans-delta\/","name":"Ivan's Delta - Muzeul Ivan Patzaichin","isPartOf":{"@id":"https:\/\/muzeu.ivanpatzaichin.ro\/en\/#website"},"primaryImageOfPage":{"@id":"https:\/\/muzeu.ivanpatzaichin.ro\/en\/ivans-delta\/#primaryimage"},"image":{"@id":"https:\/\/muzeu.ivanpatzaichin.ro\/en\/ivans-delta\/#primaryimage"},"thumbnailUrl":"https:\/\/muzeu.ivanpatzaichin.ro\/wp-content\/uploads\/2024\/05\/Muzeul-Ivan-Patzaichin.-credit-foto-Mani-Gutau-5.png","datePublished":"2024-05-16T10:43:02+00:00","dateModified":"2024-05-22T15:36:59+00:00","breadcrumb":{"@id":"https:\/\/muzeu.ivanpatzaichin.ro\/en\/ivans-delta\/#breadcrumb"},"inLanguage":"en-US","potentialAction":[{"@type":"ReadAction","target":["https:\/\/muzeu.ivanpatzaichin.ro\/en\/ivans-delta\/"]}]},{"@type":"ImageObject","inLanguage":"en-US","@id":"https:\/\/muzeu.ivanpatzaichin.ro\/en\/ivans-delta\/#primaryimage","url":"https:\/\/muzeu.ivanpatzaichin.ro\/wp-content\/uploads\/2024\/05\/Muzeul-Ivan-Patzaichin.-credit-foto-Mani-Gutau-5.png","contentUrl":"https:\/\/muzeu.ivanpatzaichin.ro\/wp-content\/uploads\/2024\/05\/Muzeul-Ivan-Patzaichin.-credit-foto-Mani-Gutau-5.png"},{"@type":"BreadcrumbList","@id":"https:\/\/muzeu.ivanpatzaichin.ro\/en\/ivans-delta\/#breadcrumb","itemListElement":[{"@type":"ListItem","position":1,"name":"Home","item":"https:\/\/muzeu.ivanpatzaichin.ro\/en\/"},{"@type":"ListItem","position":2,"name":"Ivan&#8217;s Delta"}]},{"@type":"WebSite","@id":"https:\/\/muzeu.ivanpatzaichin.ro\/en\/#website","url":"https:\/\/muzeu.ivanpatzaichin.ro\/en\/","name":"Muzeul Ivan Patzaichin","description":"Muzeul Ivan Patzaichin","potentialAction":[{"@type":"SearchAction","target":{"@type":"EntryPoint","urlTemplate":"https:\/\/muzeu.ivanpatzaichin.ro\/en\/?s={search_term_string}"},"query-input":{"@type":"PropertyValueSpecification","valueRequired":true,"valueName":"search_term_string"}}],"inLanguage":"en-US"}]}},"_links":{"self":[{"href":"https:\/\/muzeu.ivanpatzaichin.ro\/en\/wp-json\/wp\/v2\/pages\/865","targetHints":{"allow":["GET"]}}],"collection":[{"href":"https:\/\/muzeu.ivanpatzaichin.ro\/en\/wp-json\/wp\/v2\/pages"}],"about":[{"href":"https:\/\/muzeu.ivanpatzaichin.ro\/en\/wp-json\/wp\/v2\/types\/page"}],"author":[{"embeddable":true,"href":"https:\/\/muzeu.ivanpatzaichin.ro\/en\/wp-json\/wp\/v2\/users\/1"}],"replies":[{"embeddable":true,"href":"https:\/\/muzeu.ivanpatzaichin.ro\/en\/wp-json\/wp\/v2\/comments?post=865"}],"version-history":[{"count":0,"href":"https:\/\/muzeu.ivanpatzaichin.ro\/en\/wp-json\/wp\/v2\/pages\/865\/revisions"}],"wp:attachment":[{"href":"https:\/\/muzeu.ivanpatzaichin.ro\/en\/wp-json\/wp\/v2\/media?parent=865"}],"curies":[{"name":"wp","href":"https:\/\/api.w.org\/{rel}","templated":true}]}}